{"id":959,"date":"2013-08-11T19:06:15","date_gmt":"2013-08-11T19:06:15","guid":{"rendered":"https:\/\/www.bernaaksarcimnastik.com\/about-us\/"},"modified":"2026-08-26T08:24:42","modified_gmt":"2026-08-26T08:24:42","slug":"about-us","status":"publish","type":"page","link":"https:\/\/www.bernaaksarcimnastik.com\/en\/about-us\/","title":{"rendered":"About Us"},"content":{"rendered":"\n\n\t<section class=\"section\" id=\"section_2089828608\">\n\t\t<div class=\"section-bg fill\" >\n\t\t\t\t\t\t\t\t\t\n\t\t\t\n\n\t\t<\/div>\n\n\t\t\n\n\t\t<div class=\"section-content relative\">\n\t\t\t\n\n\t<div id=\"gap-1829624645\" class=\"gap-element clearfix\" style=\"display:block; height:auto;\">\n\t\t\n<style>\n#gap-1829624645 {\n  padding-top: 30px;\n}\n<\/style>\n\t<\/div>\n\t\n\n<div class=\"row align-middle\"  id=\"row-1405219910\">\n\n\n\t<div id=\"col-1667129327\" class=\"col medium-12 small-12 large-6\"  >\n\t\t\t\t<div class=\"col-inner\"  >\n\t\t\t\n\t\t\t\n\n\t<div id=\"gap-341325420\" class=\"gap-element clearfix hide-for-small\" style=\"display:block; height:auto;\">\n\t\t\n<style>\n#gap-341325420 {\n  padding-top: 10px;\n}\n@media (min-width:850px) {\n  #gap-341325420 {\n    padding-top: 30px;\n  }\n}\n<\/style>\n\t<\/div>\n\t\n\n\t<div id=\"text-2689814379\" class=\"text\">\n\t\t\n\n<p class=\"lead\">Hello, I\u2019m Berna Aksar!<\/p>\n<p><p>I am a coach and instructor who has dedicated my life to rhythmic gymnastics.<br\/>I hold dual degrees from Trakya University in Physical Education and Sports Teaching and Coaching Education.<\/p>\n<p>In addition, I completed the NCFE CACHE Level 3 Diploma in Childcare and Education program in the UK, gaining an international perspective on child development and sports.<\/p>\n<p>Today, under the Berna Aksar Gymnastics brand, we serve an average of 600 students annually across three locations: Zekeriyak\u00f6y, Etiler, and Bah\u00e7e\u015fehir.<\/p>\n<p>In addition, I oversee the gymnastics program at British School Academy. We conduct our classes in English, supporting our children\u2019s development both in sports and in their foreign language skills. For me, gymnastics is not just a sport; it is a way of life that nurtures self-confidence, discipline, grace, and strong character development. I guide each of my students in discovering their potential, while striving to provide a safe, supportive, and nurturing learning environment.   <\/p>\n<p>With love,<br\/><strong>Berna Aksar<\/strong><\/p>\n\t\t\n<style>\n#text-2689814379 {\n  font-size: 1rem;\n}\n<\/style>\n\t<\/div>\n\t\n\n\t\t<\/div>\n\t\t\t\t\t<\/div>\n\n\t\n\n\t<div id=\"col-1842285348\" class=\"col medium-12 small-12 large-6 medium-col-first\"  >\n\t\t\t\t<div class=\"col-inner\"  >\n\t\t\t\n\t\t\t\n\n\t<div class=\"img has-hover circle x md-x lg-x y md-y lg-y\" id=\"image_100991856\">\n\t\t\t\t\t\t\t\t<div class=\"img-inner dark\" >\n\t\t\t<img loading=\"lazy\" decoding=\"async\" width=\"800\" height=\"800\" src=\"https:\/\/www.bernaaksarcimnastik.com\/wp-content\/uploads\/2026\/07\/berna-aksar-hakkinda-800x800.jpg\" class=\"attachment-large size-large\" alt=\"Berna Aksar\" srcset=\"https:\/\/www.bernaaksarcimnastik.com\/wp-content\/uploads\/2026\/07\/berna-aksar-hakkinda-800x800.jpg 800w, https:\/\/www.bernaaksarcimnastik.com\/wp-content\/uploads\/2026\/07\/berna-aksar-hakkinda-400x400.jpg 400w, https:\/\/www.bernaaksarcimnastik.com\/wp-content\/uploads\/2026\/07\/berna-aksar-hakkinda-280x280.jpg 280w, https:\/\/www.bernaaksarcimnastik.com\/wp-content\/uploads\/2026\/07\/berna-aksar-hakkinda-768x768.jpg 768w, https:\/\/www.bernaaksarcimnastik.com\/wp-content\/uploads\/2026\/07\/berna-aksar-hakkinda.jpg 1228w\" sizes=\"auto, (max-width: 800px) 100vw, 800px\" \/>\t\t\t\t\t\t\n\t\t\t\t\t<\/div>\n\t\t\t\t\t\t\t\t\n<style>\n#image_100991856 {\n  width: 100%;\n}\n@media (min-width:850px) {\n  #image_100991856 {\n    width: 100%;\n  }\n}\n<\/style>\n\t<\/div>\n\t\n\n\n\t\t<\/div>\n\t\t\t\t\t<\/div>\n\n\t\n\n<\/div>\n\n\t\t<\/div>\n\n\t\t\n<style>\n#section_2089828608 {\n  padding-top: 20px;\n  padding-bottom: 20px;\n  background-color: rgb(255,255,255);\n}\n@media (min-width:550px) {\n  #section_2089828608 {\n    padding-top: 50px;\n    padding-bottom: 50px;\n  }\n}\n@media (min-width:850px) {\n  #section_2089828608 {\n    padding-top: 70px;\n    padding-bottom: 70px;\n  }\n}\n<\/style>\n\t<\/section>\n\t\n\n\t<section class=\"section\" id=\"section_1507620780\">\n\t\t<div class=\"section-bg fill\" >\n\t\t\t\t\t\t\t\t\t\n\t\t\t\n\n\t\t<\/div>\n\n\t\t\n\n\t\t<div class=\"section-content relative\">\n\t\t\t\n\n\t<div id=\"gap-314712879\" class=\"gap-element clearfix\" style=\"display:block; height:auto;\">\n\t\t\n<style>\n#gap-314712879 {\n  padding-top: 30px;\n}\n<\/style>\n\t<\/div>\n\t\n\n<div class=\"row align-center\"  id=\"row-793929122\">\n\n\n\t<div id=\"col-26855034\" class=\"col medium-5 small-12 large-5\"  >\n\t\t\t\t<div class=\"col-inner text-center\"  >\n\t\t\t\n\t\t\t\n\n\t<div id=\"text-2565357694\" class=\"text\">\n\t\t\n\n<h6>Our Professional Team<\/h6>\n\t\t\n<style>\n#text-2565357694 {\n  font-size: 0.9rem;\n}\n<\/style>\n\t<\/div>\n\t\n\t<div id=\"gap-408822291\" class=\"gap-element clearfix\" style=\"display:block; height:auto;\">\n\t\t\n<style>\n#gap-408822291 {\n  padding-top: 10px;\n}\n<\/style>\n\t<\/div>\n\t\n\n\t<div id=\"text-3649647494\" class=\"text\">\n\t\t\n\n<h3>Our Experienced Coaching Team<\/h3>\n\t\t\n<style>\n#text-3649647494 {\n  font-size: 2rem;\n  line-height: 1;\n}\n<\/style>\n\t<\/div>\n\t\n\n\t\t<\/div>\n\t\t\t\t\t<\/div>\n\n\t\n\n<\/div>\n<div class=\"row row-small\"  id=\"row-1174428908\">\n\n\n\t<div id=\"col-2048725885\" class=\"col medium-3 small-6 large-3\"  >\n\t\t\t\t<div class=\"col-inner\"  >\n\t\t\t\n\t\t\t\n\n    <div class=\"box has-hover has-hover box-text-bottom\" >\n\n                  <div class=\"box-image \" style=\"width:80%;\">\n           <div class=\"box-image-inner image-cover\" style=\"border-radius:100%;padding-top:100%;\">\n              <img loading=\"lazy\" decoding=\"async\" width=\"1105\" height=\"1423\" src=\"https:\/\/www.bernaaksarcimnastik.com\/wp-content\/uploads\/2026\/08\/gulcin-sema-sener.jpeg\" class=\"attachment- size-\" alt=\"G\u00fcl\u00e7in Sema \u015eener\" srcset=\"https:\/\/www.bernaaksarcimnastik.com\/wp-content\/uploads\/2026\/08\/gulcin-sema-sener.jpeg 1105w, https:\/\/www.bernaaksarcimnastik.com\/wp-content\/uploads\/2026\/08\/gulcin-sema-sener-311x400.jpeg 311w, https:\/\/www.bernaaksarcimnastik.com\/wp-content\/uploads\/2026\/08\/gulcin-sema-sener-621x800.jpeg 621w, https:\/\/www.bernaaksarcimnastik.com\/wp-content\/uploads\/2026\/08\/gulcin-sema-sener-768x989.jpeg 768w\" sizes=\"auto, (max-width: 1105px) 100vw, 1105px\" \/>                         <\/div>\n          <\/div>\n         \n          <div class=\"box-text text-center\" >\n                <div class=\"box-text-inner\">\n                  <h4 class=\"uppercase\">\n                    <span class=\"person-name\">G\u00fcl\u00e7in Sema \u015eener<\/span><br\/>\n                    <span class=\"person-title is-small thin-font op-7\">\n                      Head Artistic Gymnastics Coach &amp; Etiler Branch Manager                    <\/span>\n                  <\/h4>\n\t\t\t\t\t\n\n\t<div id=\"gap-901243345\" class=\"gap-element clearfix\" style=\"display:block; height:auto;\">\n\t\t\n<style>\n#gap-901243345 {\n  padding-top: 10px;\n}\n<\/style>\n\t<\/div>\n\t\n\n\n                <\/div>\n          <\/div>\n    <\/div>\n\n\t\n    \n\n\t\t<\/div>\n\t\t\t\t\t<\/div>\n\n\t\n\n\t<div id=\"col-1495568597\" class=\"col medium-3 small-6 large-3\"  >\n\t\t\t\t<div class=\"col-inner\"  >\n\t\t\t\n\t\t\t\n\n    <div class=\"box has-hover has-hover box-text-bottom\" >\n\n                  <div class=\"box-image \" style=\"width:80%;\">\n           <div class=\"box-image-inner image-cover\" style=\"border-radius:100%;padding-top:100%;\">\n              <img loading=\"lazy\" decoding=\"async\" width=\"1023\" height=\"1537\" src=\"https:\/\/www.bernaaksarcimnastik.com\/wp-content\/uploads\/2026\/08\/WhatsApp-Image-2026-08-20-at-14.30.55.jpeg\" class=\"attachment- size-\" alt=\"Roza Shayakhmetova\" srcset=\"https:\/\/www.bernaaksarcimnastik.com\/wp-content\/uploads\/2026\/08\/WhatsApp-Image-2026-08-20-at-14.30.55.jpeg 1023w, https:\/\/www.bernaaksarcimnastik.com\/wp-content\/uploads\/2026\/08\/WhatsApp-Image-2026-08-20-at-14.30.55-266x400.jpeg 266w, https:\/\/www.bernaaksarcimnastik.com\/wp-content\/uploads\/2026\/08\/WhatsApp-Image-2026-08-20-at-14.30.55-532x800.jpeg 532w, https:\/\/www.bernaaksarcimnastik.com\/wp-content\/uploads\/2026\/08\/WhatsApp-Image-2026-08-20-at-14.30.55-768x1154.jpeg 768w\" sizes=\"auto, (max-width: 1023px) 100vw, 1023px\" \/>                         <\/div>\n          <\/div>\n         \n          <div class=\"box-text text-center\" >\n                <div class=\"box-text-inner\">\n                  <h4 class=\"uppercase\">\n                    <span class=\"person-name\">Roza Shayakhmetova<\/span><br\/>\n                    <span class=\"person-title is-small thin-font op-7\">\n                      Head Coach of Rhythmic Gymnastics                    <\/span>\n                  <\/h4>\n\t\t\t\t\t\n\n\t<div id=\"gap-1909362047\" class=\"gap-element clearfix\" style=\"display:block; height:auto;\">\n\t\t\n<style>\n#gap-1909362047 {\n  padding-top: 10px;\n}\n<\/style>\n\t<\/div>\n\t\n\n\n                <\/div>\n          <\/div>\n    <\/div>\n\n\t\n    \n\n\t\t<\/div>\n\t\t\t\t\t<\/div>\n\n\t\n\n\t<div id=\"col-375297223\" class=\"col medium-3 small-6 large-3\"  >\n\t\t\t\t<div class=\"col-inner\"  >\n\t\t\t\n\t\t\t\n\n    <div class=\"box has-hover has-hover box-text-bottom\" >\n\n                  <div class=\"box-image \" style=\"width:80%;\">\n           <div class=\"box-image-inner image-cover\" style=\"border-radius:100%;padding-top:100%;\">\n              <img loading=\"lazy\" decoding=\"async\" width=\"1086\" height=\"1448\" src=\"https:\/\/www.bernaaksarcimnastik.com\/wp-content\/uploads\/2026\/08\/WhatsApp-Image-2026-08-24-at-13.56.38.jpeg\" class=\"attachment- size-\" alt=\"\" srcset=\"https:\/\/www.bernaaksarcimnastik.com\/wp-content\/uploads\/2026\/08\/WhatsApp-Image-2026-08-24-at-13.56.38.jpeg 1086w, https:\/\/www.bernaaksarcimnastik.com\/wp-content\/uploads\/2026\/08\/WhatsApp-Image-2026-08-24-at-13.56.38-300x400.jpeg 300w, https:\/\/www.bernaaksarcimnastik.com\/wp-content\/uploads\/2026\/08\/WhatsApp-Image-2026-08-24-at-13.56.38-600x800.jpeg 600w, https:\/\/www.bernaaksarcimnastik.com\/wp-content\/uploads\/2026\/08\/WhatsApp-Image-2026-08-24-at-13.56.38-768x1024.jpeg 768w\" sizes=\"auto, (max-width: 1086px) 100vw, 1086px\" \/>                         <\/div>\n          <\/div>\n         \n          <div class=\"box-text text-center\" >\n                <div class=\"box-text-inner\">\n                  <h4 class=\"uppercase\">\n                    <span class=\"person-name\">Damla \u00dcst\u00fcn<\/span><br\/>\n                    <span class=\"person-title is-small thin-font op-7\">\n                      Head Coach of Artistic Gymnastics                    <\/span>\n                  <\/h4>\n\t\t\t\t\t\n\n\t<div id=\"gap-1999258701\" class=\"gap-element clearfix\" style=\"display:block; height:auto;\">\n\t\t\n<style>\n#gap-1999258701 {\n  padding-top: 10px;\n}\n<\/style>\n\t<\/div>\n\t\n\n\n                <\/div>\n          <\/div>\n    <\/div>\n\n\t\n    \n\n\t\t<\/div>\n\t\t\t\t\t<\/div>\n\n\t\n\n\t<div id=\"col-749142841\" class=\"col medium-3 small-6 large-3\"  >\n\t\t\t\t<div class=\"col-inner\"  >\n\t\t\t\n\t\t\t\n\n    <div class=\"box has-hover has-hover box-text-bottom\" >\n\n                  <div class=\"box-image \" style=\"width:80%;\">\n           <div class=\"box-image-inner image-cover\" style=\"border-radius:100%;padding-top:100%;\">\n              <img loading=\"lazy\" decoding=\"async\" width=\"1085\" height=\"1600\" src=\"https:\/\/www.bernaaksarcimnastik.com\/wp-content\/uploads\/2026\/08\/Ceren-Ovat.jpg\" class=\"attachment- size-\" alt=\"Ceren Ovat\" srcset=\"https:\/\/www.bernaaksarcimnastik.com\/wp-content\/uploads\/2026\/08\/Ceren-Ovat.jpg 1085w, https:\/\/www.bernaaksarcimnastik.com\/wp-content\/uploads\/2026\/08\/Ceren-Ovat-271x400.jpg 271w, https:\/\/www.bernaaksarcimnastik.com\/wp-content\/uploads\/2026\/08\/Ceren-Ovat-543x800.jpg 543w, https:\/\/www.bernaaksarcimnastik.com\/wp-content\/uploads\/2026\/08\/Ceren-Ovat-768x1133.jpg 768w, https:\/\/www.bernaaksarcimnastik.com\/wp-content\/uploads\/2026\/08\/Ceren-Ovat-1042x1536.jpg 1042w\" sizes=\"auto, (max-width: 1085px) 100vw, 1085px\" \/>                         <\/div>\n          <\/div>\n         \n          <div class=\"box-text text-center\" >\n                <div class=\"box-text-inner\">\n                  <h4 class=\"uppercase\">\n                    <span class=\"person-name\">Ceren Ovat<\/span><br\/>\n                    <span class=\"person-title is-small thin-font op-7\">\n                      Artistic Gymnastics Coach and Ballet Instructor                    <\/span>\n                  <\/h4>\n\t\t\t\t\t\n\n\t<div id=\"gap-388276995\" class=\"gap-element clearfix\" style=\"display:block; height:auto;\">\n\t\t\n<style>\n#gap-388276995 {\n  padding-top: 10px;\n}\n<\/style>\n\t<\/div>\n\t\n\n\n                <\/div>\n          <\/div>\n    <\/div>\n\n\t\n    \n\n\t\t<\/div>\n\t\t\t\t\t<\/div>\n\n\t\n\n<\/div>\n\n\t\t<\/div>\n\n\t\t\n<style>\n#section_1507620780 {\n  padding-top: 30px;\n  padding-bottom: 30px;\n}\n<\/style>\n\t<\/section>\n\t\n\n\t<section class=\"section\" id=\"section_21056498\">\n\t\t<div class=\"section-bg fill\" >\n\t\t\t\t\t\t\t\t\t\n\t\t\t\n\n\t\t<\/div>\n\n\t\t\n\n\t\t<div class=\"section-content relative\">\n\t\t\t\n\n<div class=\"row row-small\"  id=\"row-1778868754\">\n\n\n\t<div id=\"col-1601423689\" class=\"col medium-3 small-6 large-3\"  >\n\t\t\t\t<div class=\"col-inner\"  >\n\t\t\t\n\t\t\t\n\n    <div class=\"box has-hover has-hover box-text-bottom\" >\n\n                  <div class=\"box-image \" style=\"width:80%;\">\n           <div class=\"box-image-inner image-cover\" style=\"border-radius:100%;padding-top:100%;\">\n              <img loading=\"lazy\" decoding=\"async\" width=\"1298\" height=\"1212\" src=\"https:\/\/www.bernaaksarcimnastik.com\/wp-content\/uploads\/2026\/08\/RAGINA.jpeg\" class=\"attachment- size-\" alt=\"RAGINA AK\u00c7IL\" srcset=\"https:\/\/www.bernaaksarcimnastik.com\/wp-content\/uploads\/2026\/08\/RAGINA.jpeg 1298w, https:\/\/www.bernaaksarcimnastik.com\/wp-content\/uploads\/2026\/08\/RAGINA-428x400.jpeg 428w, https:\/\/www.bernaaksarcimnastik.com\/wp-content\/uploads\/2026\/08\/RAGINA-857x800.jpeg 857w, https:\/\/www.bernaaksarcimnastik.com\/wp-content\/uploads\/2026\/08\/RAGINA-768x717.jpeg 768w\" sizes=\"auto, (max-width: 1298px) 100vw, 1298px\" \/>                         <\/div>\n          <\/div>\n         \n          <div class=\"box-text text-center\" >\n                <div class=\"box-text-inner\">\n                  <h4 class=\"uppercase\">\n                    <span class=\"person-name\">Ragina Ak\u00e7\u0131l<\/span><br\/>\n                    <span class=\"person-title is-small thin-font op-7\">\n                      Rhythmic Gymnastics Coach                    <\/span>\n                  <\/h4>\n\t\t\t\t\t\n\n\t<div id=\"gap-817600544\" class=\"gap-element clearfix\" style=\"display:block; height:auto;\">\n\t\t\n<style>\n#gap-817600544 {\n  padding-top: 10px;\n}\n<\/style>\n\t<\/div>\n\t\n\n\n                <\/div>\n          <\/div>\n    <\/div>\n\n\t\n    \n\n\t\t<\/div>\n\t\t\t\t\t<\/div>\n\n\t\n\n\t<div id=\"col-688710184\" class=\"col medium-3 small-6 large-3\"  >\n\t\t\t\t<div class=\"col-inner\"  >\n\t\t\t\n\t\t\t\n\n    <div class=\"box has-hover has-hover box-text-bottom\" >\n\n                  <div class=\"box-image \" style=\"width:80%;\">\n           <div class=\"box-image-inner image-cover\" style=\"border-radius:100%;padding-top:100%;\">\n              <img loading=\"lazy\" decoding=\"async\" width=\"1284\" height=\"1543\" src=\"https:\/\/www.bernaaksarcimnastik.com\/wp-content\/uploads\/2026\/08\/Elvin-Akcil.jpg\" class=\"attachment- size-\" alt=\"\" srcset=\"https:\/\/www.bernaaksarcimnastik.com\/wp-content\/uploads\/2026\/08\/Elvin-Akcil.jpg 1284w, https:\/\/www.bernaaksarcimnastik.com\/wp-content\/uploads\/2026\/08\/Elvin-Akcil-333x400.jpg 333w, https:\/\/www.bernaaksarcimnastik.com\/wp-content\/uploads\/2026\/08\/Elvin-Akcil-666x800.jpg 666w, https:\/\/www.bernaaksarcimnastik.com\/wp-content\/uploads\/2026\/08\/Elvin-Akcil-768x923.jpg 768w, https:\/\/www.bernaaksarcimnastik.com\/wp-content\/uploads\/2026\/08\/Elvin-Akcil-1278x1536.jpg 1278w\" sizes=\"auto, (max-width: 1284px) 100vw, 1284px\" \/>                         <\/div>\n          <\/div>\n         \n          <div class=\"box-text text-center\" >\n                <div class=\"box-text-inner\">\n                  <h4 class=\"uppercase\">\n                    <span class=\"person-name\">Elvin Ak\u00e7\u0131l<\/span><br\/>\n                    <span class=\"person-title is-small thin-font op-7\">\n                      Rhythmic Gymnastics Coach &amp; Choreographer                    <\/span>\n                  <\/h4>\n\t\t\t\t\t\n\n\t<div id=\"gap-1312374862\" class=\"gap-element clearfix\" style=\"display:block; height:auto;\">\n\t\t\n<style>\n#gap-1312374862 {\n  padding-top: 10px;\n}\n<\/style>\n\t<\/div>\n\t\n\n\n                <\/div>\n          <\/div>\n    <\/div>\n\n\t\n    \n\n\t\t<\/div>\n\t\t\t\t\t<\/div>\n\n\t\n\n\t<div id=\"col-3077412\" class=\"col medium-3 small-6 large-3\"  >\n\t\t\t\t<div class=\"col-inner\"  >\n\t\t\t\n\t\t\t\n\n\n\t\t<\/div>\n\t\t\t\t\t<\/div>\n\n\t\n\n\t<div id=\"col-225775431\" class=\"col medium-3 small-6 large-3\"  >\n\t\t\t\t<div class=\"col-inner\"  >\n\t\t\t\n\t\t\t\n\n\n\t\t<\/div>\n\t\t\t\t\t<\/div>\n\n\t\n\n<\/div>\n\n\t\t<\/div>\n\n\t\t\n<style>\n#section_21056498 {\n  padding-top: 30px;\n  padding-bottom: 30px;\n}\n<\/style>\n\t<\/section>\n\t\n\n","protected":false},"excerpt":{"rendered":"","protected":false},"author":1,"featured_media":958,"parent":0,"menu_order":0,"comment_status":"closed","ping_status":"closed","template":"page-blank-title-center.php","meta":{"footnotes":""},"class_list":["post-959","page","type-page","status-publish","has-post-thumbnail","hentry"],"_links":{"self":[{"href":"https:\/\/www.bernaaksarcimnastik.com\/en\/wp-json\/wp\/v2\/pages\/959","targetHints":{"allow":["GET"]}}],"collection":[{"href":"https:\/\/www.bernaaksarcimnastik.com\/en\/wp-json\/wp\/v2\/pages"}],"about":[{"href":"https:\/\/www.bernaaksarcimnastik.com\/en\/wp-json\/wp\/v2\/types\/page"}],"author":[{"embeddable":true,"href":"https:\/\/www.bernaaksarcimnastik.com\/en\/wp-json\/wp\/v2\/users\/1"}],"replies":[{"embeddable":true,"href":"https:\/\/www.bernaaksarcimnastik.com\/en\/wp-json\/wp\/v2\/comments?post=959"}],"version-history":[{"count":6,"href":"https:\/\/www.bernaaksarcimnastik.com\/en\/wp-json\/wp\/v2\/pages\/959\/revisions"}],"predecessor-version":[{"id":1225,"href":"https:\/\/www.bernaaksarcimnastik.com\/en\/wp-json\/wp\/v2\/pages\/959\/revisions\/1225"}],"wp:featuredmedia":[{"embeddable":true,"href":"https:\/\/www.bernaaksarcimnastik.com\/en\/wp-json\/wp\/v2\/media\/958"}],"wp:attachment":[{"href":"https:\/\/www.bernaaksarcimnastik.com\/en\/wp-json\/wp\/v2\/media?parent=959"}],"curies":[{"name":"wp","href":"https:\/\/api.w.org\/{rel}","templated":true}]}}